{"id":48477,"date":"2025-09-02T16:01:17","date_gmt":"2025-09-02T16:01:17","guid":{"rendered":"https:\/\/verdestenerife.com\/propiedades\/residencial-playa-san-juan\/"},"modified":"2025-09-04T09:27:53","modified_gmt":"2025-09-04T09:27:53","slug":"residencial-playa-san-juan","status":"publish","type":"estate_property","link":"https:\/\/verdestenerife.com\/de\/propiedades\/residencial-playa-san-juan\/","title":{"rendered":"RESIDENCIAL PLAYA SAN JUAN"},"content":{"rendered":"\n<p>Ger\u00e4umige und helle Zwei-Zimmer-Wohnung zum Verkauf in einem neu erbauten Geb\u00e4ude in unmittelbarer Strandn\u00e4he.<br\/><br\/>\u00a0<\/p>\n\n<p>Von der vorderen Terrasse aus wird der Meerblick diesen Ort zu einem Ihrer Lieblingspl\u00e4tze machen, um das gute Wetter zu genie\u00dfen, das wir in diesem Teil der Insel gewohnt sind.<br\/><br\/>\u00a0<\/p>\n\n<p>Voll ausgestattete K\u00fcche mit Wohn-\/Esszimmer und zwei Schlafzimmern mit Terrasse.<\/p>\n\n<p>Die Garage bietet zus\u00e4tzlichen Komfort, da sie direkt mit dem Aufzug erreichbar ist.<\/p>\n\n<p>Der Strand von San Juan verf\u00fcgt unter anderem \u00fcber einen Strand mit Liegest\u00fchlen und Sonnenschirmen, Restaurants, einen Fischereihafen und eine angenehme Promenade.<br\/><\/p>\n\n<p>Die Eigent\u00fcmergemeinschaft dieses Geb\u00e4udes erlaubt die Vermietung<\/p>\n\n<figure class=\"wp-block-gallery has-nested-images columns-default is-cropped wp-block-gallery-1 is-layout-flex wp-block-gallery-is-layout-flex\"><\/figure>\n\n<figure class=\"wp-block-gallery has-nested-images columns-default is-cropped wp-block-gallery-2 is-layout-flex wp-block-gallery-is-layout-flex\">\n<figure class=\"wp-block-image size-large\"><a href=\"https:\/\/verdestenerife.com\/wp-content\/uploads\/2025\/09\/FullSizeRender-1-scaled.jpeg\"><img fetchpriority=\"high\" decoding=\"async\" width=\"2560\" height=\"1920\" data-id=\"48437\" src=\"https:\/\/verdestenerife.com\/wp-content\/uploads\/2025\/09\/FullSizeRender-1-scaled.jpeg\" alt=\"\" class=\"wp-image-48437\" srcset=\"https:\/\/verdestenerife.com\/wp-content\/uploads\/2025\/09\/FullSizeRender-1-scaled.jpeg 2560w, https:\/\/verdestenerife.com\/wp-content\/uploads\/2025\/09\/FullSizeRender-1-768x576.jpeg 768w, https:\/\/verdestenerife.com\/wp-content\/uploads\/2025\/09\/FullSizeRender-1-1536x1152.jpeg 1536w, https:\/\/verdestenerife.com\/wp-content\/uploads\/2025\/09\/FullSizeRender-1-2048x1536.jpeg 2048w\" sizes=\"(max-width: 2560px) 100vw, 2560px\" \/><\/a><\/figure>\n\n\n\n<figure class=\"wp-block-image size-large\"><a href=\"https:\/\/verdestenerife.com\/wp-content\/uploads\/2025\/09\/FullSizeRender-2-scaled.jpeg\"><img decoding=\"async\" width=\"2560\" height=\"1920\" data-id=\"48440\" src=\"https:\/\/verdestenerife.com\/wp-content\/uploads\/2025\/09\/FullSizeRender-2-scaled.jpeg\" alt=\"\" class=\"wp-image-48440\" srcset=\"https:\/\/verdestenerife.com\/wp-content\/uploads\/2025\/09\/FullSizeRender-2-scaled.jpeg 2560w, https:\/\/verdestenerife.com\/wp-content\/uploads\/2025\/09\/FullSizeRender-2-768x576.jpeg 768w, https:\/\/verdestenerife.com\/wp-content\/uploads\/2025\/09\/FullSizeRender-2-1536x1152.jpeg 1536w, https:\/\/verdestenerife.com\/wp-content\/uploads\/2025\/09\/FullSizeRender-2-2048x1536.jpeg 2048w\" sizes=\"(max-width: 2560px) 100vw, 2560px\" \/><\/a><\/figure>\n\n\n\n<figure class=\"wp-block-image size-large\"><a href=\"https:\/\/verdestenerife.com\/wp-content\/uploads\/2025\/09\/FullSizeRender-3-scaled.jpeg\"><img decoding=\"async\" width=\"2560\" height=\"1920\" data-id=\"48443\" src=\"https:\/\/verdestenerife.com\/wp-content\/uploads\/2025\/09\/FullSizeRender-3-scaled.jpeg\" alt=\"\" class=\"wp-image-48443\" srcset=\"https:\/\/verdestenerife.com\/wp-content\/uploads\/2025\/09\/FullSizeRender-3-scaled.jpeg 2560w, https:\/\/verdestenerife.com\/wp-content\/uploads\/2025\/09\/FullSizeRender-3-768x576.jpeg 768w, https:\/\/verdestenerife.com\/wp-content\/uploads\/2025\/09\/FullSizeRender-3-1536x1152.jpeg 1536w, https:\/\/verdestenerife.com\/wp-content\/uploads\/2025\/09\/FullSizeRender-3-2048x1536.jpeg 2048w\" sizes=\"(max-width: 2560px) 100vw, 2560px\" \/><\/a><\/figure>\n\n\n\n<figure class=\"wp-block-image size-large\"><a href=\"https:\/\/verdestenerife.com\/wp-content\/uploads\/2025\/09\/FullSizeRender-4-scaled.jpeg\"><img loading=\"lazy\" decoding=\"async\" width=\"2560\" height=\"1920\" data-id=\"48446\" src=\"https:\/\/verdestenerife.com\/wp-content\/uploads\/2025\/09\/FullSizeRender-4-scaled.jpeg\" alt=\"\" class=\"wp-image-48446\" srcset=\"https:\/\/verdestenerife.com\/wp-content\/uploads\/2025\/09\/FullSizeRender-4-scaled.jpeg 2560w, https:\/\/verdestenerife.com\/wp-content\/uploads\/2025\/09\/FullSizeRender-4-768x576.jpeg 768w, https:\/\/verdestenerife.com\/wp-content\/uploads\/2025\/09\/FullSizeRender-4-1536x1152.jpeg 1536w, https:\/\/verdestenerife.com\/wp-content\/uploads\/2025\/09\/FullSizeRender-4-2048x1536.jpeg 2048w\" sizes=\"(max-width: 2560px) 100vw, 2560px\" \/><\/a><\/figure>\n\n\n\n<figure class=\"wp-block-image size-large\"><a href=\"https:\/\/verdestenerife.com\/wp-content\/uploads\/2025\/09\/FullSizeRender-5-scaled.jpeg\"><img loading=\"lazy\" decoding=\"async\" width=\"2560\" height=\"1920\" data-id=\"48449\" src=\"https:\/\/verdestenerife.com\/wp-content\/uploads\/2025\/09\/FullSizeRender-5-scaled.jpeg\" alt=\"\" class=\"wp-image-48449\" srcset=\"https:\/\/verdestenerife.com\/wp-content\/uploads\/2025\/09\/FullSizeRender-5-scaled.jpeg 2560w, https:\/\/verdestenerife.com\/wp-content\/uploads\/2025\/09\/FullSizeRender-5-768x576.jpeg 768w, https:\/\/verdestenerife.com\/wp-content\/uploads\/2025\/09\/FullSizeRender-5-1536x1152.jpeg 1536w, https:\/\/verdestenerife.com\/wp-content\/uploads\/2025\/09\/FullSizeRender-5-2048x1536.jpeg 2048w\" sizes=\"(max-width: 2560px) 100vw, 2560px\" \/><\/a><\/figure>\n\n\n\n<figure class=\"wp-block-image size-large\"><a href=\"https:\/\/verdestenerife.com\/wp-content\/uploads\/2025\/09\/FullSizeRender-6-scaled.jpeg\"><img loading=\"lazy\" decoding=\"async\" width=\"2560\" height=\"1920\" data-id=\"48452\" src=\"https:\/\/verdestenerife.com\/wp-content\/uploads\/2025\/09\/FullSizeRender-6-scaled.jpeg\" alt=\"\" class=\"wp-image-48452\" srcset=\"https:\/\/verdestenerife.com\/wp-content\/uploads\/2025\/09\/FullSizeRender-6-scaled.jpeg 2560w, https:\/\/verdestenerife.com\/wp-content\/uploads\/2025\/09\/FullSizeRender-6-768x576.jpeg 768w, https:\/\/verdestenerife.com\/wp-content\/uploads\/2025\/09\/FullSizeRender-6-1536x1152.jpeg 1536w, https:\/\/verdestenerife.com\/wp-content\/uploads\/2025\/09\/FullSizeRender-6-2048x1536.jpeg 2048w\" sizes=\"(max-width: 2560px) 100vw, 2560px\" \/><\/a><\/figure>\n\n\n\n<figure class=\"wp-block-image size-large\"><a href=\"https:\/\/verdestenerife.com\/wp-content\/uploads\/2025\/09\/FullSizeRender-8-scaled.jpeg\"><img loading=\"lazy\" decoding=\"async\" width=\"2560\" height=\"1920\" data-id=\"48458\" src=\"https:\/\/verdestenerife.com\/wp-content\/uploads\/2025\/09\/FullSizeRender-8-scaled.jpeg\" alt=\"\" class=\"wp-image-48458\" srcset=\"https:\/\/verdestenerife.com\/wp-content\/uploads\/2025\/09\/FullSizeRender-8-scaled.jpeg 2560w, https:\/\/verdestenerife.com\/wp-content\/uploads\/2025\/09\/FullSizeRender-8-768x576.jpeg 768w, https:\/\/verdestenerife.com\/wp-content\/uploads\/2025\/09\/FullSizeRender-8-1536x1152.jpeg 1536w, https:\/\/verdestenerife.com\/wp-content\/uploads\/2025\/09\/FullSizeRender-8-2048x1536.jpeg 2048w\" sizes=\"(max-width: 2560px) 100vw, 2560px\" \/><\/a><\/figure>\n\n\n\n<figure class=\"wp-block-image size-large\"><a href=\"https:\/\/verdestenerife.com\/wp-content\/uploads\/2025\/09\/FullSizeRender-9-scaled.jpeg\"><img loading=\"lazy\" decoding=\"async\" width=\"2560\" height=\"1920\" data-id=\"48461\" src=\"https:\/\/verdestenerife.com\/wp-content\/uploads\/2025\/09\/FullSizeRender-9-scaled.jpeg\" alt=\"\" class=\"wp-image-48461\" srcset=\"https:\/\/verdestenerife.com\/wp-content\/uploads\/2025\/09\/FullSizeRender-9-scaled.jpeg 2560w, https:\/\/verdestenerife.com\/wp-content\/uploads\/2025\/09\/FullSizeRender-9-768x576.jpeg 768w, https:\/\/verdestenerife.com\/wp-content\/uploads\/2025\/09\/FullSizeRender-9-1536x1152.jpeg 1536w, https:\/\/verdestenerife.com\/wp-content\/uploads\/2025\/09\/FullSizeRender-9-2048x1536.jpeg 2048w\" sizes=\"(max-width: 2560px) 100vw, 2560px\" \/><\/a><\/figure>\n\n\n\n<figure class=\"wp-block-image size-large\"><a href=\"https:\/\/verdestenerife.com\/wp-content\/uploads\/2025\/09\/FullSizeRender-10-scaled.jpeg\"><img loading=\"lazy\" decoding=\"async\" width=\"2560\" height=\"1920\" data-id=\"48464\" src=\"https:\/\/verdestenerife.com\/wp-content\/uploads\/2025\/09\/FullSizeRender-10-scaled.jpeg\" alt=\"\" class=\"wp-image-48464\" srcset=\"https:\/\/verdestenerife.com\/wp-content\/uploads\/2025\/09\/FullSizeRender-10-scaled.jpeg 2560w, https:\/\/verdestenerife.com\/wp-content\/uploads\/2025\/09\/FullSizeRender-10-768x576.jpeg 768w, https:\/\/verdestenerife.com\/wp-content\/uploads\/2025\/09\/FullSizeRender-10-1536x1152.jpeg 1536w, https:\/\/verdestenerife.com\/wp-content\/uploads\/2025\/09\/FullSizeRender-10-2048x1536.jpeg 2048w\" sizes=\"(max-width: 2560px) 100vw, 2560px\" \/><\/a><\/figure>\n\n\n\n<figure class=\"wp-block-image size-large\"><a href=\"https:\/\/verdestenerife.com\/wp-content\/uploads\/2025\/09\/FullSizeRender-11-scaled.jpeg\"><img loading=\"lazy\" decoding=\"async\" width=\"2560\" height=\"1920\" data-id=\"48467\" src=\"https:\/\/verdestenerife.com\/wp-content\/uploads\/2025\/09\/FullSizeRender-11-scaled.jpeg\" alt=\"\" class=\"wp-image-48467\" srcset=\"https:\/\/verdestenerife.com\/wp-content\/uploads\/2025\/09\/FullSizeRender-11-scaled.jpeg 2560w, https:\/\/verdestenerife.com\/wp-content\/uploads\/2025\/09\/FullSizeRender-11-768x576.jpeg 768w, https:\/\/verdestenerife.com\/wp-content\/uploads\/2025\/09\/FullSizeRender-11-1536x1152.jpeg 1536w, https:\/\/verdestenerife.com\/wp-content\/uploads\/2025\/09\/FullSizeRender-11-2048x1536.jpeg 2048w\" sizes=\"(max-width: 2560px) 100vw, 2560px\" \/><\/a><\/figure>\n\n\n\n<figure class=\"wp-block-image size-large\"><a href=\"https:\/\/verdestenerife.com\/wp-content\/uploads\/2025\/09\/FullSizeRender-12-scaled.jpeg\"><img loading=\"lazy\" decoding=\"async\" width=\"2560\" height=\"1920\" data-id=\"48470\" src=\"https:\/\/verdestenerife.com\/wp-content\/uploads\/2025\/09\/FullSizeRender-12-scaled.jpeg\" alt=\"\" class=\"wp-image-48470\" srcset=\"https:\/\/verdestenerife.com\/wp-content\/uploads\/2025\/09\/FullSizeRender-12-scaled.jpeg 2560w, https:\/\/verdestenerife.com\/wp-content\/uploads\/2025\/09\/FullSizeRender-12-768x576.jpeg 768w, https:\/\/verdestenerife.com\/wp-content\/uploads\/2025\/09\/FullSizeRender-12-1536x1152.jpeg 1536w, https:\/\/verdestenerife.com\/wp-content\/uploads\/2025\/09\/FullSizeRender-12-2048x1536.jpeg 2048w\" sizes=\"(max-width: 2560px) 100vw, 2560px\" \/><\/a><\/figure>\n\n\n\n<figure class=\"wp-block-image size-large\"><a href=\"https:\/\/verdestenerife.com\/wp-content\/uploads\/2025\/09\/FullSizeRender-13-scaled.jpeg\"><img loading=\"lazy\" decoding=\"async\" width=\"2560\" height=\"1440\" data-id=\"48473\" src=\"https:\/\/verdestenerife.com\/wp-content\/uploads\/2025\/09\/FullSizeRender-13-scaled.jpeg\" alt=\"\" class=\"wp-image-48473\" srcset=\"https:\/\/verdestenerife.com\/wp-content\/uploads\/2025\/09\/FullSizeRender-13-scaled.jpeg 2560w, https:\/\/verdestenerife.com\/wp-content\/uploads\/2025\/09\/FullSizeRender-13-768x432.jpeg 768w, https:\/\/verdestenerife.com\/wp-content\/uploads\/2025\/09\/FullSizeRender-13-1536x864.jpeg 1536w, https:\/\/verdestenerife.com\/wp-content\/uploads\/2025\/09\/FullSizeRender-13-2048x1152.jpeg 2048w, https:\/\/verdestenerife.com\/wp-content\/uploads\/2025\/09\/FullSizeRender-13-255x143.jpeg 255w\" sizes=\"(max-width: 2560px) 100vw, 2560px\" \/><\/a><\/figure>\n<\/figure>\n","protected":false},"excerpt":{"rendered":"<p>Ger\u00e4umige und helle Zwei-Zimmer-Wohnung zum Verkauf in einem neu erbauten Geb\u00e4ude in unmittelbarer Strandn\u00e4he. \u00a0 Von der vorderen Terrasse aus wird der Meerblick diesen Ort zu einem Ihrer Lieblingspl\u00e4tze machen, um das gute Wetter zu genie\u00dfen, das wir in diesem Teil der Insel gewohnt sind. \u00a0 Voll ausgestattete K\u00fcche mit Wohn-\/Esszimmer und zwei Schlafzimmern mit Terrasse. Die Garage bietet zus\u00e4tzlichen Komfort, da sie direkt &#8230;<\/p>\n","protected":false},"featured_media":48439,"comment_status":"open","ping_status":"closed","template":"","property_category":[232],"property_action_category":[208],"property_city":[],"property_area":[],"property_county_state":[],"property_features":[],"property_status":[375],"class_list":["post-48477","estate_property","type-estate_property","status-publish","has-post-thumbnail","hentry","property_category-wohnungen","property_action_category-kauf","property_status-neubau"],"_links":{"self":[{"href":"https:\/\/verdestenerife.com\/de\/wp-json\/wp\/v2\/estate_property\/48477","targetHints":{"allow":["GET"]}}],"collection":[{"href":"https:\/\/verdestenerife.com\/de\/wp-json\/wp\/v2\/estate_property"}],"about":[{"href":"https:\/\/verdestenerife.com\/de\/wp-json\/wp\/v2\/types\/estate_property"}],"replies":[{"embeddable":true,"href":"https:\/\/verdestenerife.com\/de\/wp-json\/wp\/v2\/comments?post=48477"}],"wp:featuredmedia":[{"embeddable":true,"href":"https:\/\/verdestenerife.com\/de\/wp-json\/wp\/v2\/media\/48439"}],"wp:attachment":[{"href":"https:\/\/verdestenerife.com\/de\/wp-json\/wp\/v2\/media?parent=48477"}],"wp:term":[{"taxonomy":"property_category","embeddable":true,"href":"https:\/\/verdestenerife.com\/de\/wp-json\/wp\/v2\/property_category?post=48477"},{"taxonomy":"property_action_category","embeddable":true,"href":"https:\/\/verdestenerife.com\/de\/wp-json\/wp\/v2\/property_action_category?post=48477"},{"taxonomy":"property_city","embeddable":true,"href":"https:\/\/verdestenerife.com\/de\/wp-json\/wp\/v2\/property_city?post=48477"},{"taxonomy":"property_area","embeddable":true,"href":"https:\/\/verdestenerife.com\/de\/wp-json\/wp\/v2\/property_area?post=48477"},{"taxonomy":"property_county_state","embeddable":true,"href":"https:\/\/verdestenerife.com\/de\/wp-json\/wp\/v2\/property_county_state?post=48477"},{"taxonomy":"property_features","embeddable":true,"href":"https:\/\/verdestenerife.com\/de\/wp-json\/wp\/v2\/property_features?post=48477"},{"taxonomy":"property_status","embeddable":true,"href":"https:\/\/verdestenerife.com\/de\/wp-json\/wp\/v2\/property_status?post=48477"}],"curies":[{"name":"wp","href":"https:\/\/api.w.org\/{rel}","templated":true}]}}